{"id":60,"date":"2015-05-11T01:28:46","date_gmt":"2015-05-10T23:28:46","guid":{"rendered":"http:\/\/asszert.de\/?page_id=60"},"modified":"2023-10-01T13:24:08","modified_gmt":"2023-10-01T11:24:08","slug":"spitzenausgleich-effizienzverordnung-spaefv","status":"publish","type":"page","link":"https:\/\/asszert.de\/?page_id=60","title":{"rendered":"Spitzenausgleich-Effizienzsystemverordnung (SpaEfV) \/ Energiedienstleistungsgesetz (EDL-G)"},"content":{"rendered":"<section id=\"builder-section-1431300485770\" class=\"builder-section-first builder-section builder-section-text builder-section-next-text builder-text-columns-1\" style=\"background-repeat: repeat;background-position: center center;\">\n<div class=\"builder-section-content\">\n<div class=\"builder-text-row\">\n<div class=\"builder-text-column builder-text-column-1\" id=\"builder-section-1431300485770-column-1\">\n<div class=\"builder-text-content\">\n<hr class=\"ttfmake-hr\" style=\"border-style: dotted; border-top-width: 2px;\" \/>\n<p><div class=\"printfriendly pf-button  pf-alignright\"><a href=\"https:\/\/asszert.de\/?page_id=60&amp;pfstyle=wp\" rel=\"nofollow\"  title=\"Printer Friendly, PDF & Email\"><img decoding=\"async\" class=\"pf-button-img\" src=\"https:\/\/cdn.printfriendly.com\/buttons\/print-button-gray.png\" alt=\"Print Friendly, PDF & Email\" style=\"width: 66px;height: 24px;\"  \/><\/a><\/div><span style=\"color: #808080;\"><a style=\"color: #808080;\" href=\"http:\/\/asszert.de\/?page_id=49\">T\u00e4tigkeitsfelder<\/a><\/span>\u00a0 &gt;\u00a0<a href=\"http:\/\/asszert.de\/?page_id=60\">Spitzenausgleich-Effizienzsystemverordnung (SpaEfV)<\/a>\u00a0<a href=\"http:\/\/asszert.de\/?page_id=60\">\/\u00a0<strong>Energiedienstleistungsgesetz (EDL-G)<\/strong><\/a><\/p>\n<hr class=\"ttfmake-hr\" style=\"border-style: dotted; border-top-width: 2px;\" \/>\n<p><strong><span style=\"color: #808080;\"><a style=\"color: #808080;\" href=\"http:\/\/asszert.de\/?page_id=51\">QMS<\/a>\u00a0\u00a0I \u00a0<a style=\"color: #808080;\" href=\"http:\/\/asszert.de\/?page_id=54\">UMS<\/a>\u00a0\u00a0I \u00a0<a style=\"color: #808080;\" href=\"http:\/\/asszert.de\/?page_id=56\"><span style=\"color: #808080;\">SGAMS<\/span><\/a>\u00a0\u00a0I \u00a0<a style=\"color: #808080;\" href=\"http:\/\/asszert.de\/?page_id=58\">EnMS<\/a>\u00a0\u00a0I \u00a0<\/span><a href=\"http:\/\/asszert.de\/?page_id=60\">SpaEfV<\/a><a href=\"http:\/\/asszert.de\/?page_id=60\">\u00a0\/ EDL-G<\/a><span style=\"color: #808080;\">\u00a0 I \u00a0<a style=\"color: #808080;\" href=\"http:\/\/asszert.de\/?page_id=62\">KTA 1401<\/a>\u00a0\u00a0I<\/span><\/strong><span style=\"color: #808080;\">\u00a0\u00a0<\/span><strong><span style=\"color: #808080;\"><a style=\"color: #808080;\" href=\"http:\/\/asszert.de\/?page_id=924\">GWO<\/a><\/span><\/strong><\/p>\n<\/p><\/div>\n<\/p><\/div>\n<\/p><\/div>\n<\/p><\/div>\n<\/section>\n<section id=\"builder-section-1431300500977\" class=\"builder-section-prev-text builder-section builder-section-text builder-section-last builder-text-columns-1\" style=\"background-repeat: repeat;background-position: center center;\">\n<div class=\"builder-section-content\">\n<div class=\"builder-text-row\">\n<div class=\"builder-text-column builder-text-column-1\" id=\"builder-section-1431300500977-column-1\">\n<div class=\"builder-text-content\">\n<p style=\"text-align: justify;\"><strong>Testierenden\u00a0gem\u00e4\u00df Spitzenausgleich-Effizienzsystemverordnung (SpaEfV)<\/strong><\/p>\n<p style=\"text-align: justify;\">Am 05.08.2013 wurde im Bundesgesetzblatt die Spitzenausgleich-Effizienzsystemverordnung (SpaEfV) ver\u00f6ffentlicht; die erste Aktualisierung erfolgte am 05.11.2014. Die Verordnung erl\u00e4utert das Verfahren zur Einf\u00fchrung von Energieeffizienzsystemen, die an den Spitzenausgleich f\u00fcr die Strom- und Energiesteuer gekoppelt ist.<\/p>\n<p style=\"text-align: justify;\">Ab dem 01.01.2015 gilt f\u00fcr die Nachweisf\u00fchrung:<\/p>\n<p style=\"text-align: justify;\">Unternehmen m\u00fcssen ein zertifiziertes Energiemanagementsystem (nach DIN EN ISO 50001) oder ein zertifiziertes Umweltmanagementsystem (nach EMAS) eingerichtet haben.\u00a0F\u00fcr KMU werden als Vereinfachung regelm\u00e4\u00dfige Energieaudits gem\u00e4\u00df DIN EN 16247-1 anerkannt oder alternative Systeme nach Anhang 2 der SpaEfV.\u00a0Alternative Systeme nach Anlage 2 der Verordnung enthalten folgende Schritte:<\/p>\n<ol>\n<li style=\"text-align: justify;\">Erfassung und Analyse der eingesetzten Energietr\u00e4ger<\/li>\n<li style=\"text-align: justify;\">Erfassung und Analyse von Energie verbrauchenden Anlagen und Ger\u00e4ten<\/li>\n<li style=\"text-align: justify;\">Bewertung der Einsparpotenziale, inklusive von Wirtschaftlichkeitsbetrachtungen<\/li>\n<li style=\"text-align: justify;\">J\u00e4hrliche R\u00fcckkopplung zur Gesch\u00e4ftsf\u00fchrung und Entscheidung \u00fcber den Umgang mit den Ergebnissen<\/li>\n<\/ol>\n<p>AssZert f\u00fchrt Testierungen auf Basis der SpaEfV durch.<\/p>\n<p style=\"text-align: justify;\">Gerne unterst\u00fctzen wir Sie bei den o. g. Verfahren. Bei Fragen wenden Sie sich einfach direkt an uns.<\/p>\n<\/p><\/div>\n<\/p><\/div>\n<\/p><\/div>\n<\/p><\/div>\n<\/section>\n","protected":false},"excerpt":{"rendered":"<p>T\u00e4tigkeitsfelder\u00a0 &gt;\u00a0Spitzenausgleich-Effizienzsystemverordnung (SpaEfV)\u00a0\/\u00a0Energiedienstleistungsgesetz (EDL-G) QMS\u00a0\u00a0I \u00a0UMS\u00a0\u00a0I \u00a0SGAMS\u00a0\u00a0I \u00a0EnMS\u00a0\u00a0I \u00a0SpaEfV\u00a0\/ EDL-G\u00a0 I \u00a0KTA 1401\u00a0\u00a0I\u00a0\u00a0GWO Testierenden\u00a0gem\u00e4\u00df Spitzenausgleich-Effizienzsystemverordnung (SpaEfV) Am 05.08.2013 wurde im Bundesgesetzblatt die Spitzenausgleich-Effizienzsystemverordnung (SpaEfV) ver\u00f6ffentlicht; die erste Aktualisierung erfolgte am 05.11.2014. Die Verordnung erl\u00e4utert das Verfahren zur Einf\u00fchrung von Energieeffizienzsystemen, die an den Spitzenausgleich f\u00fcr die Strom- und Energiesteuer gekoppelt ist. Ab dem 01.01.2015 gilt &hellip;<\/p>\n","protected":false},"author":1,"featured_media":0,"parent":49,"menu_order":0,"comment_status":"closed","ping_status":"closed","template":"template-builder.php","meta":{"footnotes":""},"class_list":["post-60","page","type-page","status-publish","hentry"],"_links":{"self":[{"href":"https:\/\/asszert.de\/index.php?rest_route=\/wp\/v2\/pages\/60"}],"collection":[{"href":"https:\/\/asszert.de\/index.php?rest_route=\/wp\/v2\/pages"}],"about":[{"href":"https:\/\/asszert.de\/index.php?rest_route=\/wp\/v2\/types\/page"}],"author":[{"embeddable":true,"href":"https:\/\/asszert.de\/index.php?rest_route=\/wp\/v2\/users\/1"}],"replies":[{"embeddable":true,"href":"https:\/\/asszert.de\/index.php?rest_route=%2Fwp%2Fv2%2Fcomments&post=60"}],"version-history":[{"count":19,"href":"https:\/\/asszert.de\/index.php?rest_route=\/wp\/v2\/pages\/60\/revisions"}],"predecessor-version":[{"id":1096,"href":"https:\/\/asszert.de\/index.php?rest_route=\/wp\/v2\/pages\/60\/revisions\/1096"}],"up":[{"embeddable":true,"href":"https:\/\/asszert.de\/index.php?rest_route=\/wp\/v2\/pages\/49"}],"wp:attachment":[{"href":"https:\/\/asszert.de\/index.php?rest_route=%2Fwp%2Fv2%2Fmedia&parent=60"}],"curies":[{"name":"wp","href":"https:\/\/api.w.org\/{rel}","templated":true}]}}