{"id":548,"date":"2018-04-27T15:45:49","date_gmt":"2018-04-27T13:45:49","guid":{"rendered":"http:\/\/asszert.de\/?page_id=548"},"modified":"2018-10-20T13:39:18","modified_gmt":"2018-10-20T11:39:18","slug":"referenzen","status":"publish","type":"page","link":"https:\/\/asszert.de\/?page_id=548","title":{"rendered":"Referenzen"},"content":{"rendered":"<section id=\"builder-section-banner_91\" class=\"builder-section-first builder-section builder-section-banner builder-section-next-text\" style=\"background-size: cover; background-repeat: no-repeat;background-position: center center;\">\n<div class=\"builder-section-content\">\n<div class=\"builder-banner-slide content-position-none\" style=\"background-image: url(&#039;http:\/\/asszert.de\/wp-content\/uploads\/2015\/05\/H0-Karriere.jpg&#039;);\">\n<div class=\"builder-banner-content\">\n<div class=\"builder-banner-inner-content\">\n\t\t\t\t\t\t\t\t\t<\/div>\n<\/p><\/div>\n<\/p><\/div>\n<\/p><\/div>\n<\/section>\n<section id=\"builder-section-text_109\" class=\"builder-section-prev-banner builder-section builder-section-text builder-section-next-panels builder-text-columns-1\" style=\"background-size: cover; background-repeat: no-repeat;background-position: center center;\">\n<div class=\"builder-section-content\">\n<div class=\"builder-text-row\">\n<div class=\"builder-text-column builder-text-column-1\" id=\"builder-section-text_109-column-1\">\n<div class=\"builder-text-content\">\n<p>Wir sind in vielen Bereichen t\u00e4tig. Einige unserer Kunden, die uns ihr Vertrauen geschenkt haben, sind:<\/p>\n<\/p><\/div>\n<\/p><\/div>\n<\/p><\/div>\n<\/p><\/div>\n<\/section>\n<section id=\"builder-section-1522162903821\" class=\"builder-section-prev-text builder-section builder-section-panels builder-section-last parallax accordion-mode\" style=\"background-size: cover; background-repeat: no-repeat;background-position: center center;\">\n<div class=\"builder-section-content\">\n<div class=\"ttfmp-accordion-container\" data-height-style=\"\"  data-start-collapsed=\"false\">\n<div id=\"ttfmp-panels-item-title-1524825970370\" class=\"ttfmp-panels-item-title\">\n\tEnergie<\/div>\n<div id=\"ttfmp-panels-item-content-1524825970370\" class=\"ttfmp-panels-item-content\">\n<table width=\"490\">\n<tbody>\n<tr>\n<td width=\"257\">\u00a0<a href=\"https:\/\/www.enbw.com\" target=\"_blank\" rel=\"noopener noreferrer\"><img loading=\"lazy\" decoding=\"async\" class=\"alignleft wp-image-640\" src=\"http:\/\/asszert.de\/wp-content\/uploads\/2018\/04\/ENKK.png\" alt=\"\" width=\"300\" height=\"47\" \/><\/a><\/td>\n<td width=\"234\">\n<p>EnBW Kernkraft GmbH<br \/> D-74847 Obrigheim<\/p>\n<p><a href=\"https:\/\/www.enbw.com\" target=\"_blank\" rel=\"noopener noreferrer\">www.enbw.com<\/a><\/p>\n<\/td>\n<\/tr>\n<tr>\n<td width=\"257\"><a href=\"https:\/\/www.preussenelektra.de\/de.html\" target=\"_blank\" rel=\"noopener noreferrer\"><img loading=\"lazy\" decoding=\"async\" class=\"alignleft wp-image-695\" src=\"http:\/\/asszert.de\/wp-content\/uploads\/2018\/04\/preussenelektra.png\" alt=\"\" width=\"300\" height=\"106\" srcset=\"https:\/\/asszert.de\/wp-content\/uploads\/2018\/04\/preussenelektra.png 4724w, https:\/\/asszert.de\/wp-content\/uploads\/2018\/04\/preussenelektra-300x106.png 300w, https:\/\/asszert.de\/wp-content\/uploads\/2018\/04\/preussenelektra-768x273.png 768w, https:\/\/asszert.de\/wp-content\/uploads\/2018\/04\/preussenelektra-1024x364.png 1024w\" sizes=\"(max-width: 300px) 100vw, 300px\" \/><\/a>\u00a0<\/td>\n<td width=\"234\">\n<p>PreussenElektra GmbH<br \/> D-30457 Hannover<\/p>\n<p><a href=\"https:\/\/www.preussenelektra.de\/de.html\" target=\"_blank\" rel=\"noopener noreferrer\">www.preussenelektra.de<\/a><\/p>\n<\/td>\n<\/tr>\n<tr>\n<td width=\"257\"><a href=\"https:\/\/www.uniper.energy\/de\" target=\"_blank\" rel=\"noopener noreferrer\"><img loading=\"lazy\" decoding=\"async\" class=\"alignleft size-full wp-image-710\" src=\"http:\/\/asszert.de\/wp-content\/uploads\/2018\/04\/Uniper.jpeg\" alt=\"\" width=\"139\" height=\"100\" \/><\/a>\u00a0<\/td>\n<td width=\"234\">\n<p>Uniper Technologies GmbH<br \/> D-40479 D\u00fcsseldorf<\/p>\n<p><a href=\"https:\/\/www.uniper.energy\/de\" target=\"_blank\" rel=\"noopener noreferrer\">www.uniper.energy<\/a><\/p>\n<\/td>\n<\/tr>\n<\/tbody>\n<\/table>\n<\/div>\n<div id=\"ttfmp-panels-item-title-1524825110192\" class=\"ttfmp-panels-item-title\">\n\tDienstleistung<\/div>\n<div id=\"ttfmp-panels-item-content-1524825110192\" class=\"ttfmp-panels-item-content\">\n<table width=\"491\">\n<tbody>\n<tr>\n<td width=\"257\">\u00a0<a href=\"http:\/\/asszert.de\/wp-content\/uploads\/2018\/04\/Aeroconcept.jpeg\"><img loading=\"lazy\" decoding=\"async\" class=\"alignleft wp-image-613\" src=\"http:\/\/asszert.de\/wp-content\/uploads\/2018\/04\/Aeroconcept.jpeg\" alt=\"\" width=\"300\" height=\"49\" srcset=\"https:\/\/asszert.de\/wp-content\/uploads\/2018\/04\/Aeroconcept.jpeg 277w, https:\/\/asszert.de\/wp-content\/uploads\/2018\/04\/Aeroconcept-272x45.jpeg 272w\" sizes=\"(max-width: 300px) 100vw, 300px\" \/><\/a><\/td>\n<td width=\"234\">\n<p>Aeroconcept Ingenieurgesellschaft f\u00fcr Luftfahrttechnik und Faserverbundtechnologie mbH<br \/>D-52146 W\u00fcrselen<\/p>\n<p><a href=\"http:\/\/www.aeroconcept.de\">www.aeroconcept.de<\/a><\/p>\n<\/td>\n<\/tr>\n<tr>\n<td width=\"257\"><a href=\"http:\/\/asszert.de\/wp-content\/uploads\/2018\/04\/Christel-van-der-Wielen.jpg\"><img loading=\"lazy\" decoding=\"async\" class=\"alignleft wp-image-628\" src=\"http:\/\/asszert.de\/wp-content\/uploads\/2018\/04\/Christel-van-der-Wielen.jpg\" alt=\"\" width=\"300\" height=\"160\" \/><\/a>\u00a0<\/td>\n<td width=\"234\">\n<p>Christel van der Wielen Dienstleistungen GmbH<br \/>D-47228 Duisburg<\/p>\n<p><a href=\"http:\/\/www.dienstleistung-diva.de\">www.dienstleistung-diva.de<\/a><\/p>\n<\/td>\n<\/tr>\n<tr>\n<td width=\"257\">\u00a0<a href=\"http:\/\/asszert.de\/wp-content\/uploads\/2018\/04\/Engel_GmbH.jpg\"><img loading=\"lazy\" decoding=\"async\" class=\"alignleft wp-image-639\" src=\"http:\/\/asszert.de\/wp-content\/uploads\/2018\/04\/Engel_GmbH.jpg\" alt=\"\" width=\"160\" height=\"161\" srcset=\"https:\/\/asszert.de\/wp-content\/uploads\/2018\/04\/Engel_GmbH.jpg 160w, https:\/\/asszert.de\/wp-content\/uploads\/2018\/04\/Engel_GmbH-150x150.jpg 150w\" sizes=\"(max-width: 160px) 100vw, 160px\" \/><\/a><\/td>\n<td width=\"234\">\n<p>Engel GmbH<br \/>D-20255 Hamburg<\/p>\n<p><a href=\"https:\/\/www.kernbohrungen-engel.de\">www.kernbohrungen-engel.de<\/a><\/p>\n<\/td>\n<\/tr>\n<tr>\n<td width=\"257\">\u00a0<\/td>\n<td width=\"234\">\n<p>GfM Gesellschaft f\u00fcr Metallaufbereitung mbH<br \/>D-58256 Ennepetal<\/p>\n<p><a href=\"http:\/\/www.gfm-recycling.de\">www.gfm-recycling.de<\/a><\/p>\n<\/td>\n<\/tr>\n<tr>\n<td width=\"257\">\u00a0<a href=\"http:\/\/asszert.de\/wp-content\/uploads\/2018\/04\/GSW_Dienstleistungen.png\"><img loading=\"lazy\" decoding=\"async\" class=\"alignleft wp-image-651\" src=\"http:\/\/asszert.de\/wp-content\/uploads\/2018\/04\/GSW_Dienstleistungen.png\" alt=\"\" width=\"300\" height=\"46\" srcset=\"https:\/\/asszert.de\/wp-content\/uploads\/2018\/04\/GSW_Dienstleistungen.png 509w, https:\/\/asszert.de\/wp-content\/uploads\/2018\/04\/GSW_Dienstleistungen-300x46.png 300w\" sizes=\"(max-width: 300px) 100vw, 300px\" \/><\/a><\/td>\n<td width=\"234\">\n<p>GSW Dienstleistungen GmbH &amp; Co. KG<br \/>D-47441 Moers<\/p>\n<p><a href=\"https:\/\/gsw-dienstleistungen.de\/gsw\/?page_id=9\">www.gsw-dienstleistungen.de<\/a><\/p>\n<\/td>\n<\/tr>\n<tr>\n<td width=\"257\">\u00a0<a href=\"http:\/\/asszert.de\/wp-content\/uploads\/2018\/04\/GWE_ServiceS.png\"><img loading=\"lazy\" decoding=\"async\" class=\"alignleft wp-image-652\" src=\"http:\/\/asszert.de\/wp-content\/uploads\/2018\/04\/GWE_ServiceS.png\" alt=\"\" width=\"300\" height=\"96\" \/><\/a><\/td>\n<td width=\"234\">\n<p>GWE ServiceS GmbH<br \/>D-76726 Germersheim<\/p>\n<p><a href=\"https:\/\/www.gwe-services.de\/de\/meta\/impressum.html\">www.gwe-services.de<\/a><\/p>\n<\/td>\n<\/tr>\n<tr>\n<td width=\"257\">\u00a0<a href=\"http:\/\/asszert.de\/wp-content\/uploads\/2018\/04\/hectas_logo.gif\"><img loading=\"lazy\" decoding=\"async\" class=\"alignleft wp-image-656\" src=\"http:\/\/asszert.de\/wp-content\/uploads\/2018\/04\/hectas_logo.gif\" alt=\"\" width=\"300\" height=\"104\" \/><\/a><\/td>\n<td width=\"234\">\n<p>HECTAS Facility Services Stiftung &amp; Co. KG<br \/>D-42285 Wuppertal<\/p>\n<p><a href=\"https:\/\/www.hectas.de\">www.hectas.de<\/a><\/p>\n<\/td>\n<\/tr>\n<tr>\n<td width=\"257\">\u00a0<\/td>\n<td width=\"234\">\n<p>J\u00fcrgens Geb\u00e4udereinigungs-GmbH<br \/>D-58638 Iserlohn<\/p>\n<p><a href=\"http:\/\/www.juergens-services.de\/index.htm\">www.juergens-services.de<\/a><\/p>\n<\/td>\n<\/tr>\n<tr>\n<td width=\"257\"><a href=\"http:\/\/asszert.de\/wp-content\/uploads\/2018\/04\/ndsatcom.png\"><img loading=\"lazy\" decoding=\"async\" class=\"alignleft wp-image-687\" src=\"http:\/\/asszert.de\/wp-content\/uploads\/2018\/04\/ndsatcom.png\" alt=\"\" width=\"300\" height=\"33\" \/><\/a><\/td>\n<td width=\"234\">\n<p>ND SatCom Gesellschaft f\u00fcr<br \/>Satellitenkommunikationssysteme mbH<br \/>D-88090 Immenstaad<\/p>\n<p><a href=\"http:\/\/www.ndsatcom.com\">www.ndsatcom.com<\/a><\/p>\n<\/td>\n<\/tr>\n<tr>\n<td width=\"257\">\u00a0<\/td>\n<td width=\"234\">\n<p>RG Geb\u00e4udeservice<br \/>D-42349 Wuppertal<\/p>\n<p><a href=\"http:\/\/www.rggebaeudeservice.de\">www.rggebaeudeservice.de<\/a><\/p>\n<\/td>\n<\/tr>\n<tr>\n<td width=\"257\">\u00a0<a href=\"http:\/\/asszert.de\/wp-content\/uploads\/2018\/04\/RMGS.png\"><img loading=\"lazy\" decoding=\"async\" class=\"alignleft wp-image-699\" src=\"http:\/\/asszert.de\/wp-content\/uploads\/2018\/04\/RMGS.png\" alt=\"\" width=\"300\" height=\"116\" \/><\/a><\/td>\n<td width=\"234\">\n<p>RMGS Rombach Metering Gas Solutions GmbH<br \/>D-34266 Niestetal<\/p>\n<p><a href=\"http:\/\/www.rmgs-gmbh.de\">www.rmgs-gmbh.de<\/a><\/p>\n<\/td>\n<\/tr>\n<tr>\n<td width=\"257\">\u00a0<a href=\"http:\/\/asszert.de\/wp-content\/uploads\/2018\/04\/Rudolf-Weber.jpeg\"><img loading=\"lazy\" decoding=\"async\" class=\"alignleft wp-image-700\" src=\"http:\/\/asszert.de\/wp-content\/uploads\/2018\/04\/Rudolf-Weber.jpeg\" alt=\"\" width=\"300\" height=\"115\" \/><\/a><\/td>\n<td width=\"234\">\n<p>Rudolf Weber Geb\u00e4udereinigung und<br \/>Geb\u00e4udedienste GmbH &amp; Co. KG<br \/>D-45127 Essen<\/p>\n<p><a href=\"http:\/\/www.rudolfweber.de\">www.rudolfweber.de<\/a><\/p>\n<\/td>\n<\/tr>\n<tr>\n<td width=\"257\">\u00a0<a href=\"http:\/\/asszert.de\/wp-content\/uploads\/2018\/04\/texon-gmbh.png\"><img loading=\"lazy\" decoding=\"async\" class=\"alignleft wp-image-708 size-full\" src=\"http:\/\/asszert.de\/wp-content\/uploads\/2018\/04\/texon-gmbh.png\" alt=\"\" width=\"148\" height=\"139\" \/><\/a><\/td>\n<td width=\"234\">\n<p>Texon Industrie- und Logistikservice GmbH<br \/>D-44536 L\u00fcnen<\/p>\n<p><a href=\"http:\/\/texon-industrieservice.de\">www.texon-industrieservice.de<\/a><\/p>\n<\/td>\n<\/tr>\n<tr>\n<td width=\"257\">\u00a0<a href=\"http:\/\/asszert.de\/wp-content\/uploads\/2018\/04\/wuelfel.jpeg\"><img loading=\"lazy\" decoding=\"async\" class=\"alignleft wp-image-715\" src=\"http:\/\/asszert.de\/wp-content\/uploads\/2018\/04\/wuelfel.jpeg\" alt=\"\" width=\"300\" height=\"79\" \/><\/a><\/td>\n<td width=\"234\">\n<p>WUELFEL Seminar GmbH<br \/>D-30519 Hannover<\/p>\n<p><a href=\"http:\/\/www.wuelfel-seminar.de\">www.wuelfel-seminar.de<\/a><\/p>\n<\/td>\n<\/tr>\n<\/tbody>\n<\/table>\n<\/div>\n<div id=\"ttfmp-panels-item-title-1524826297154\" class=\"ttfmp-panels-item-title\">\n\tGesundheitswesen<\/div>\n<div id=\"ttfmp-panels-item-content-1524826297154\" class=\"ttfmp-panels-item-content\">\n<table width=\"490\">\n<tbody>\n<tr>\n<td width=\"257\"><a href=\"http:\/\/asszert.de\/wp-content\/uploads\/2018\/04\/AGAPLESION_Rotenburg.jpg\"><img loading=\"lazy\" decoding=\"async\" class=\"alignleft wp-image-614\" src=\"http:\/\/asszert.de\/wp-content\/uploads\/2018\/04\/AGAPLESION_Rotenburg.jpg\" alt=\"\" width=\"300\" height=\"100\" srcset=\"https:\/\/asszert.de\/wp-content\/uploads\/2018\/04\/AGAPLESION_Rotenburg.jpg 364w, https:\/\/asszert.de\/wp-content\/uploads\/2018\/04\/AGAPLESION_Rotenburg-300x100.jpg 300w\" sizes=\"(max-width: 300px) 100vw, 300px\" \/><\/a><\/td>\n<td width=\"234\">\n<p>AGAPLESION DIAKONIEKLINIKUM ROTENBURG gemeinn\u00fctzige GmbH<br \/>D-27356 Rotenburg (W\u00fcmme)<\/p>\n<p><a href=\"http:\/\/www.diako-online.de\">www.diako-online.de<\/a><\/p>\n<\/td>\n<\/tr>\n<tr>\n<td width=\"257\">\u00a0<a href=\"http:\/\/asszert.de\/wp-content\/uploads\/2018\/04\/Ambulante-Pflege-Schwerte.jpeg\"><img loading=\"lazy\" decoding=\"async\" class=\"alignleft size-full wp-image-617\" src=\"http:\/\/asszert.de\/wp-content\/uploads\/2018\/04\/Ambulante-Pflege-Schwerte.jpeg\" alt=\"\" width=\"77\" height=\"66\" \/><\/a><\/td>\n<td width=\"234\">\n<p>Ambulante Pflege Schwerte, Hattingen<br \/>D-45527 Hattingen<\/p>\n<p><a href=\"http:\/\/www.schwerte-pflege.de\/xindex.html\">www.schwerte-pflege.de<\/a><\/p>\n<\/td>\n<\/tr>\n<tr>\n<td width=\"257\">\u00a0<\/td>\n<td width=\"234\">\n<p>Deutsches Rotes Kreuz Kreisverband D\u00fcsseldorf e.V.<br \/>D-40591 D\u00fcsseldorf<\/p>\n<p><a href=\"https:\/\/www.drk-duesseldorf.de\/startseite.html\">www.drk-duesseldorf.de<\/a><\/p>\n<\/td>\n<\/tr>\n<tr>\n<td width=\"257\">\u00a0<a href=\"http:\/\/asszert.de\/wp-content\/uploads\/2018\/04\/Diabetes-und-Nierenzentrum-Dormagen.jpeg\"><img loading=\"lazy\" decoding=\"async\" class=\"alignleft wp-image-629\" src=\"http:\/\/asszert.de\/wp-content\/uploads\/2018\/04\/Diabetes-und-Nierenzentrum-Dormagen.jpeg\" alt=\"\" width=\"150\" height=\"149\" srcset=\"https:\/\/asszert.de\/wp-content\/uploads\/2018\/04\/Diabetes-und-Nierenzentrum-Dormagen.jpeg 294w, https:\/\/asszert.de\/wp-content\/uploads\/2018\/04\/Diabetes-und-Nierenzentrum-Dormagen-150x150.jpeg 150w\" sizes=\"(max-width: 150px) 100vw, 150px\" \/><\/a><\/td>\n<td width=\"234\">\n<p>Diabetes- und Nierenzentrum Dormagen<br \/>D-41540 Dormagen-Hackenbroich<\/p>\n<p><a href=\"http:\/\/www.dialyse-dormagen.de\">www.dialyse-dormagen.de<\/a><\/p>\n<\/td>\n<\/tr>\n<tr>\n<td width=\"257\">\u00a0<a href=\"http:\/\/asszert.de\/wp-content\/uploads\/2018\/04\/dr-lange-diabetis.png\"><img loading=\"lazy\" decoding=\"async\" class=\"alignleft wp-image-633\" src=\"http:\/\/asszert.de\/wp-content\/uploads\/2018\/04\/dr-lange-diabetis.png\" alt=\"\" width=\"300\" height=\"68\" srcset=\"https:\/\/asszert.de\/wp-content\/uploads\/2018\/04\/dr-lange-diabetis.png 486w, https:\/\/asszert.de\/wp-content\/uploads\/2018\/04\/dr-lange-diabetis-300x68.png 300w\" sizes=\"(max-width: 300px) 100vw, 300px\" \/><\/a><\/td>\n<td width=\"234\">\n<p>Diabetesschwerpunktpraxis Dr. Martina Lange<br \/>D-53359 Rheinbach<\/p>\n<p><a href=\"https:\/\/praxis-martinalange.de\">www.praxis-martinalange.de<\/a><\/p>\n<\/td>\n<\/tr>\n<tr>\n<td width=\"257\"><a href=\"http:\/\/asszert.de\/wp-content\/uploads\/2018\/04\/Diabetologikum-Duisburg.jpeg\"><img loading=\"lazy\" decoding=\"async\" class=\"alignleft size-full wp-image-631\" src=\"http:\/\/asszert.de\/wp-content\/uploads\/2018\/04\/Diabetologikum-Duisburg.jpeg\" alt=\"\" width=\"64\" height=\"63\" \/><\/a><\/td>\n<td width=\"234\">\n<p>Diabetologikum Duisburg Dr. Hansj\u00f6rg M\u00fchlen<br \/>D-47119 Duisburg<\/p>\n<p><a href=\"https:\/\/www.diabetesinfo-du.de\">www.diabetesinfo-du.de<\/a><\/p>\n<\/td>\n<\/tr>\n<tr>\n<td width=\"257\"><a href=\"http:\/\/asszert.de\/wp-content\/uploads\/2018\/04\/Praxis-Dr.-RiedelHermes.png\"><img loading=\"lazy\" decoding=\"async\" class=\"alignleft wp-image-693\" src=\"http:\/\/asszert.de\/wp-content\/uploads\/2018\/04\/Praxis-Dr.-RiedelHermes.png\" alt=\"\" width=\"300\" height=\"100\" srcset=\"https:\/\/asszert.de\/wp-content\/uploads\/2018\/04\/Praxis-Dr.-RiedelHermes.png 360w, https:\/\/asszert.de\/wp-content\/uploads\/2018\/04\/Praxis-Dr.-RiedelHermes-300x100.png 300w\" sizes=\"(max-width: 300px) 100vw, 300px\" \/><\/a><\/td>\n<td width=\"234\">\n<p>Dr. med Matthias Riedel, Sigrid Hermes, Fach\u00e4rzte f\u00fcr Innere Medizin, Diabetologen DDG\/\u00c4K, Ern\u00e4hrungsmediziner DGEM, Schwerpunktpraxis f\u00fcr Diabetes, Ern\u00e4hrung und Adipositas, Diabetologikum DDG<br \/>D-50674 K\u00f6ln<\/p>\n<p><a href=\"http:\/\/www.diabetes-am-ring.de\">www.diabetes-am-ring.de<\/a><\/p>\n<\/td>\n<\/tr>\n<tr>\n<td width=\"257\">\u00a0<a href=\"http:\/\/asszert.de\/wp-content\/uploads\/2018\/04\/Gemeinschaftskrankenhaus-Herdecke.png\"><img loading=\"lazy\" decoding=\"async\" class=\"alignleft wp-image-647\" src=\"http:\/\/asszert.de\/wp-content\/uploads\/2018\/04\/Gemeinschaftskrankenhaus-Herdecke.png\" alt=\"\" width=\"300\" height=\"61\" srcset=\"https:\/\/asszert.de\/wp-content\/uploads\/2018\/04\/Gemeinschaftskrankenhaus-Herdecke.png 435w, https:\/\/asszert.de\/wp-content\/uploads\/2018\/04\/Gemeinschaftskrankenhaus-Herdecke-300x61.png 300w\" sizes=\"(max-width: 300px) 100vw, 300px\" \/><\/a><\/td>\n<td width=\"234\">\n<p>Gemeinschaftskrankenhaus Herdecke<br \/>D-58313 Herdecke<\/p>\n<p><a href=\"https:\/\/www.gemeinschaftskrankenhaus.de\/startseite\/\">www.gemeinschaftskrankenhaus.de<\/a><\/p>\n<\/td>\n<\/tr>\n<tr>\n<td width=\"257\">\u00a0<a href=\"http:\/\/asszert.de\/wp-content\/uploads\/2018\/04\/AmmanBungert.jpeg\"><img loading=\"lazy\" decoding=\"async\" class=\"alignleft wp-image-618\" src=\"http:\/\/asszert.de\/wp-content\/uploads\/2018\/04\/AmmanBungert.jpeg\" alt=\"\" width=\"300\" height=\"92\" \/><\/a><\/td>\n<td width=\"234\">\n<p>Gemeinschaftspraxis Ammann &amp; Bungert<br \/>D-66646 Urexweiler<\/p>\n<p><a href=\"https:\/\/www.ammannbungert.de\">www.ammannbungert.de<\/a><\/p>\n<\/td>\n<\/tr>\n<tr>\n<td width=\"257\">\u00a0<\/td>\n<td width=\"234\">\u00a0<\/td>\n<\/tr>\n<tr>\n<td width=\"257\">\u00a0<\/td>\n<td width=\"234\">\n<p>Institut f\u00fcr Arbeitsmedizin und -sicherheit und Umwelt<br \/>D-38118 Braunschweig<\/p>\n<p><a href=\"https:\/\/www.klinikum-braunschweig.de\/index.php?id=179\">www.klinikum-braunschweig.de<\/a><\/p>\n<\/td>\n<\/tr>\n<tr>\n<td width=\"257\">\u00a0<a href=\"http:\/\/asszert.de\/wp-content\/uploads\/2018\/04\/Katharinen-Hospital-gGmbH-KH-Unna-Diabethologie.jpeg\"><img loading=\"lazy\" decoding=\"async\" class=\"alignleft wp-image-666\" src=\"http:\/\/asszert.de\/wp-content\/uploads\/2018\/04\/Katharinen-Hospital-gGmbH-KH-Unna-Diabethologie.jpeg\" alt=\"\" width=\"300\" height=\"115\" \/><\/a><\/td>\n<td width=\"234\">\n<p>Katharinen-Hospital gGmbH<br \/>D-59423 Unna<\/p>\n<p><a href=\"http:\/\/www.katharinen-hospital.de\/medizin\/zentren-und-schwerpunkte\/diabetologie.html\">www.katharinen-hospital.de<\/a><\/p>\n<\/td>\n<\/tr>\n<tr>\n<td width=\"257\"><a href=\"http:\/\/asszert.de\/wp-content\/uploads\/2018\/04\/Klinik-Neurologie-UKSH.png\"><img loading=\"lazy\" decoding=\"async\" class=\"alignleft wp-image-673\" src=\"http:\/\/asszert.de\/wp-content\/uploads\/2018\/04\/Klinik-Neurologie-UKSH.png\" alt=\"\" width=\"300\" height=\"75\" srcset=\"https:\/\/asszert.de\/wp-content\/uploads\/2018\/04\/Klinik-Neurologie-UKSH.png 312w, https:\/\/asszert.de\/wp-content\/uploads\/2018\/04\/Klinik-Neurologie-UKSH-300x75.png 300w\" sizes=\"(max-width: 300px) 100vw, 300px\" \/><\/a><\/td>\n<td width=\"234\">\n<p>Klinik f\u00fcr HNO, Neurochirurgie, Neurologie<br \/>und Ophtalmologie UKSH Kiel<br \/>D-24105 Kiel<\/p>\n<p><a href=\"http:\/\/www.uksh.de\/\">www.uksh.de<\/a><\/p>\n<\/td>\n<\/tr>\n<tr>\n<td width=\"257\">\u00a0<a href=\"http:\/\/asszert.de\/wp-content\/uploads\/2018\/04\/Krankenhaus-Bad-Oeynhausen.png\"><img loading=\"lazy\" decoding=\"async\" class=\"alignleft wp-image-674\" src=\"http:\/\/asszert.de\/wp-content\/uploads\/2018\/04\/Krankenhaus-Bad-Oeynhausen.png\" alt=\"\" width=\"300\" height=\"59\" srcset=\"https:\/\/asszert.de\/wp-content\/uploads\/2018\/04\/Krankenhaus-Bad-Oeynhausen.png 528w, https:\/\/asszert.de\/wp-content\/uploads\/2018\/04\/Krankenhaus-Bad-Oeynhausen-300x59.png 300w\" sizes=\"(max-width: 300px) 100vw, 300px\" \/><\/a><\/td>\n<td width=\"234\">\n<p>Krankenhaus Bad Oeynhausen<br \/>D-32545 Bad Oeynhausen<\/p>\n<p><a href=\"https:\/\/www.muehlenkreiskliniken.de\/index.php?id=6\">www.muehlenkreiskliniken.de<\/a><\/p>\n<\/td>\n<\/tr>\n<tr>\n<td width=\"257\"><a href=\"http:\/\/asszert.de\/wp-content\/uploads\/2018\/04\/Medicover.jpeg\"><img loading=\"lazy\" decoding=\"async\" class=\"alignleft wp-image-681\" src=\"http:\/\/asszert.de\/wp-content\/uploads\/2018\/04\/Medicover.jpeg\" alt=\"\" width=\"200\" height=\"98\" \/><\/a><\/td>\n<td width=\"234\">\n<p>MEDICOVER OLDENBURG MVZ<br \/>D-26122 Oldenburg<\/p>\n<p><a href=\"http:\/\/www.medicover.de\/de\">www.medicover.de<\/a><\/p>\n<\/td>\n<\/tr>\n<tr>\n<td width=\"257\">\u00a0<a href=\"http:\/\/asszert.de\/wp-content\/uploads\/2018\/04\/NKR.jpeg\"><img loading=\"lazy\" decoding=\"async\" class=\"alignleft wp-image-688\" src=\"http:\/\/asszert.de\/wp-content\/uploads\/2018\/04\/NKR.jpeg\" alt=\"\" width=\"200\" height=\"90\" \/><\/a><\/td>\n<td width=\"234\">\n<p>NKR gGmbH Norddeutsches Knochenmark- und Stammzellspender- Register gGmbH<br \/>D-30625 Hannover<\/p>\n<p><a href=\"https:\/\/www.nkr-hannover.de\">www.nkr-hannover.de<\/a><\/p>\n<\/td>\n<\/tr>\n<tr>\n<td width=\"257\"><a href=\"http:\/\/asszert.de\/wp-content\/uploads\/2018\/04\/Praxis-dr-Wagner-Surheim.jpg\"><img loading=\"lazy\" decoding=\"async\" class=\"alignleft wp-image-690\" src=\"http:\/\/asszert.de\/wp-content\/uploads\/2018\/04\/Praxis-dr-Wagner-Surheim.jpg\" alt=\"\" width=\"120\" height=\"120\" srcset=\"https:\/\/asszert.de\/wp-content\/uploads\/2018\/04\/Praxis-dr-Wagner-Surheim.jpg 250w, https:\/\/asszert.de\/wp-content\/uploads\/2018\/04\/Praxis-dr-Wagner-Surheim-150x150.jpg 150w\" sizes=\"(max-width: 120px) 100vw, 120px\" \/><\/a><\/td>\n<td width=\"234\">\n<p>Praxis Dr. med. Christian Wagner<br \/>D-83416 Saaldorf-Surheim<\/p>\n<p><a href=\"http:\/\/zuckerdoktor.bayern\/\">www.zuckerdoktor.bayern<\/a><\/p>\n<\/td>\n<\/tr>\n<tr>\n<td width=\"257\">\u00a0<\/td>\n<td width=\"234\">\n<p>Praxis Dr. med. Sabine J\u00e4kel Dr. med. Lutz Fricke Dr. med. Bernadette Reinsch<br \/>D-44789 Bochum<\/p>\n<p><a href=\"http:\/\/www.dialyse-bochum.de\">www.dialyse-bochum.de<\/a><\/p>\n<\/td>\n<\/tr>\n<tr>\n<td width=\"257\">\u00a0<a href=\"http:\/\/asszert.de\/wp-content\/uploads\/2018\/04\/Reha-Zentrum-Velen.png\"><img loading=\"lazy\" decoding=\"async\" class=\"alignleft wp-image-697\" src=\"http:\/\/asszert.de\/wp-content\/uploads\/2018\/04\/Reha-Zentrum-Velen.png\" alt=\"\" width=\"300\" height=\"121\" \/><\/a><\/td>\n<td width=\"234\">\n<p>Reha-Zentrum Velen<br \/>D-46342 Velen<\/p>\n<p><a href=\"https:\/\/reha-velen.de\">www.reha-velen.de<\/a><\/p>\n<\/td>\n<\/tr>\n<\/tbody>\n<\/table>\n<\/div>\n<div id=\"ttfmp-panels-item-title-1524829048300\" class=\"ttfmp-panels-item-title\">\n\tHandel und Logistik<\/div>\n<div id=\"ttfmp-panels-item-content-1524829048300\" class=\"ttfmp-panels-item-content\">\n<table width=\"490\">\n<tbody>\n<tr>\n<td width=\"257\"><a href=\"http:\/\/asszert.de\/wp-content\/uploads\/2018\/04\/elspermann.jpg\"><img loading=\"lazy\" decoding=\"async\" class=\"alignleft wp-image-635\" src=\"http:\/\/asszert.de\/wp-content\/uploads\/2018\/04\/elspermann.jpg\" alt=\"\" width=\"300\" height=\"57\" \/><\/a>\u00a0<\/td>\n<td width=\"234\">\n<p>Elspermann Gro\u00dfhandels GmbH &amp; Co. KG<br \/> D-44805 Bochum<\/p>\n<p><a href=\"http:\/\/www.elspermann.de\">www.elspermann.de<\/a><\/p>\n<\/td>\n<\/tr>\n<tr>\n<td width=\"257\">\u00a0<a href=\"http:\/\/asszert.de\/wp-content\/uploads\/2018\/03\/Baltzer.png\"><img loading=\"lazy\" decoding=\"async\" class=\"alignleft wp-image-583\" src=\"http:\/\/asszert.de\/wp-content\/uploads\/2018\/03\/Baltzer.png\" alt=\"\" width=\"300\" height=\"111\" \/><\/a><\/td>\n<td width=\"234\">\n<p>Emil Baltzer GmbH &amp; Co. KG <br \/> D-22525 Hamburg<\/p>\n<p><a href=\"http:\/\/www.baltzer-drehteile.de\/\">www.baltzer-schrauben.de<\/a><\/p>\n<\/td>\n<\/tr>\n<tr>\n<td width=\"257\">\u00a0<a href=\"http:\/\/asszert.de\/wp-content\/uploads\/2018\/04\/igus_gmbh.jpeg\"><img loading=\"lazy\" decoding=\"async\" class=\"alignleft wp-image-658\" src=\"http:\/\/asszert.de\/wp-content\/uploads\/2018\/04\/igus_gmbh.jpeg\" alt=\"\" width=\"300\" height=\"59\" srcset=\"https:\/\/asszert.de\/wp-content\/uploads\/2018\/04\/igus_gmbh.jpeg 479w, https:\/\/asszert.de\/wp-content\/uploads\/2018\/04\/igus_gmbh-300x59.jpeg 300w\" sizes=\"(max-width: 300px) 100vw, 300px\" \/><\/a><\/td>\n<td width=\"234\">\n<p>igus GmbH<br \/> D-51147 K\u00f6ln<\/p>\n<p><a href=\"https:\/\/www.igus.de\">www.igus.de<\/a><\/p>\n<\/td>\n<\/tr>\n<tr>\n<td width=\"257\"><a href=\"http:\/\/asszert.de\/wp-content\/uploads\/2018\/04\/MOE-GmbH.jpg\"><img loading=\"lazy\" decoding=\"async\" class=\"alignleft wp-image-684\" src=\"http:\/\/asszert.de\/wp-content\/uploads\/2018\/04\/MOE-GmbH.jpg\" alt=\"\" width=\"300\" height=\"113\" \/><\/a>\u00a0<\/td>\n<td width=\"234\">\n<p>MOE Einkaufsservice &amp; Logistik GmbH,<br \/> MOE Tor- und Zaunsysteme GmbH<br \/> D-42855 Remscheid<\/p>\n<p><a href=\"http:\/\/www.moe-remscheid.com\">www.moe-remscheid.com<\/a><\/p>\n<\/td>\n<\/tr>\n<tr>\n<td width=\"257\">\u00a0<a href=\"http:\/\/asszert.de\/wp-content\/uploads\/2018\/04\/smepro.gif\"><img loading=\"lazy\" decoding=\"async\" class=\"alignleft wp-image-703\" src=\"http:\/\/asszert.de\/wp-content\/uploads\/2018\/04\/smepro.gif\" alt=\"\" width=\"300\" height=\"26\" \/><\/a><\/td>\n<td width=\"234\">\n<p>Smepro International b. v.<br \/> 6662 NG \u00a0Elst<\/p>\n<p><a href=\"https:\/\/www.smepro.com\/home\">www.smepro.com<\/a><\/p>\n<\/td>\n<\/tr>\n<tr>\n<td width=\"257\"><a href=\"http:\/\/asszert.de\/wp-content\/uploads\/2018\/04\/TEGRO_AG.png\"><img loading=\"lazy\" decoding=\"async\" class=\"alignleft wp-image-707\" src=\"http:\/\/asszert.de\/wp-content\/uploads\/2018\/04\/TEGRO_AG.png\" alt=\"\" width=\"220\" height=\"53\" \/><\/a>\u00a0<\/td>\n<td width=\"234\">\n<p>TEGRO AG<br \/> CH-08603 Schwerzenbach<\/p>\n<p><a href=\"http:\/\/www.tegro.ch\">www.tegro.ch<\/a><\/p>\n<\/td>\n<\/tr>\n<tr>\n<td width=\"257\">\u00a0<a href=\"http:\/\/asszert.de\/wp-content\/uploads\/2018\/04\/tv-logistik.png\"><img loading=\"lazy\" decoding=\"async\" class=\"alignleft wp-image-709\" src=\"http:\/\/asszert.de\/wp-content\/uploads\/2018\/04\/tv-logistik.png\" alt=\"\" width=\"250\" height=\"95\" \/><\/a><\/td>\n<td width=\"234\">\n<p>TV Logistik GmbH<br \/> D-54294 Trier<\/p>\n<p><a href=\"https:\/\/www.tvlogistik.de\">www.tvlogistik.de<\/a><\/p>\n<\/td>\n<\/tr>\n<tr>\n<td width=\"257\"><a href=\"http:\/\/asszert.de\/wp-content\/uploads\/2018\/04\/USM.jpeg\"><img loading=\"lazy\" decoding=\"async\" class=\"alignleft wp-image-711\" src=\"http:\/\/asszert.de\/wp-content\/uploads\/2018\/04\/USM.jpeg\" alt=\"\" width=\"150\" height=\"146\" srcset=\"https:\/\/asszert.de\/wp-content\/uploads\/2018\/04\/USM.jpeg 503w, https:\/\/asszert.de\/wp-content\/uploads\/2018\/04\/USM-300x291.jpeg 300w\" sizes=\"(max-width: 150px) 100vw, 150px\" \/><\/a>\u00a0<\/td>\n<td width=\"234\">\n<p>USM United Silk Mills International GmbH<br \/> D-47723 Krefeld<\/p>\n<p><a href=\"http:\/\/www.usm-int.com\/docs\/f_introhtml.html\">www.usm-int.com<\/a><\/p>\n<\/td>\n<\/tr>\n<tr>\n<td width=\"257\">\u00a0<a href=\"http:\/\/asszert.de\/wp-content\/uploads\/2018\/04\/walter_wesemeyer.jpg\"><img loading=\"lazy\" decoding=\"async\" class=\"alignleft wp-image-712\" src=\"http:\/\/asszert.de\/wp-content\/uploads\/2018\/04\/walter_wesemeyer.jpg\" alt=\"\" width=\"300\" height=\"75\" \/><\/a><\/td>\n<td width=\"234\">\n<p>Walter Wesemeyer GmbH<br \/> D-24568 Kaltenkirchen<\/p>\n<p><a href=\"https:\/\/www.wesemeyer.de\/home.html\">www.wesemeyer.de<\/a><\/p>\n<\/td>\n<\/tr>\n<tr>\n<td width=\"257\">\u00a0<a href=\"http:\/\/asszert.de\/wp-content\/uploads\/2018\/04\/Inter-Union.jpeg\"><img loading=\"lazy\" decoding=\"async\" class=\"alignleft wp-image-660\" src=\"http:\/\/asszert.de\/wp-content\/uploads\/2018\/04\/Inter-Union.jpeg\" alt=\"\" width=\"300\" height=\"60\" \/><\/a><\/td>\n<td width=\"234\">\n<p>Victor E. Kern Ges. mbH<br \/> A-01220 Wien<\/p>\n<p><a href=\"http:\/\/www.inter-union.de\/unternehmen\/die-gruppe.html\">www.inter-union.de<\/a><\/p>\n<\/td>\n<\/tr>\n<tr>\n<td width=\"257\"><a href=\"http:\/\/asszert.de\/wp-content\/uploads\/2018\/04\/Inter-Union.jpeg\"><img loading=\"lazy\" decoding=\"async\" class=\"alignleft wp-image-660\" src=\"http:\/\/asszert.de\/wp-content\/uploads\/2018\/04\/Inter-Union.jpeg\" alt=\"\" width=\"300\" height=\"60\" \/><\/a>\u00a0<\/td>\n<td width=\"234\">\n<p>Inter-Union Technohandel GmbH,<br \/> Intertec Beteiligungs-GmbH,<br \/> Intertec Retail Logistics GmbH,<br \/> EVB Handelshaus Bour GmbH<br \/> D-76829 Landau<\/p>\n<p><a href=\"http:\/\/www.inter-union.de\/inter-union.html\">www.inter-union.de<\/a><\/p>\n<\/td>\n<\/tr>\n<tr>\n<td width=\"257\"><a href=\"http:\/\/asszert.de\/wp-content\/uploads\/2018\/04\/Inter-Union.jpeg\"><img loading=\"lazy\" decoding=\"async\" class=\"alignleft wp-image-660\" src=\"http:\/\/asszert.de\/wp-content\/uploads\/2018\/04\/Inter-Union.jpeg\" alt=\"\" width=\"300\" height=\"60\" \/><\/a>\u00a0<\/td>\n<td width=\"234\">\n<p>Intertec Polska Sp.z.o.o.<br \/> 05-830 Stara Wie\u015b<\/p>\n<p><a href=\"http:\/\/www.inter-union.de\/unternehmen\/die-gruppe.html\">www.inter-union.de<\/a><\/p>\n<\/td>\n<\/tr>\n<\/tbody>\n<\/table>\n<\/div>\n<div id=\"ttfmp-panels-item-title-1524833453785\" class=\"ttfmp-panels-item-title\">\n\tIngenieur- und Beratungsunternehmen<\/div>\n<div id=\"ttfmp-panels-item-content-1524833453785\" class=\"ttfmp-panels-item-content\">\n<table width=\"490\">\n<tbody>\n<tr>\n<td width=\"257\">\u00a0<a href=\"http:\/\/asszert.de\/wp-content\/uploads\/2018\/04\/acceed_gmbH.jpeg\"><img loading=\"lazy\" decoding=\"async\" class=\"alignleft wp-image-612\" src=\"http:\/\/asszert.de\/wp-content\/uploads\/2018\/04\/acceed_gmbH.jpeg\" alt=\"\" width=\"300\" height=\"70\" srcset=\"https:\/\/asszert.de\/wp-content\/uploads\/2018\/04\/acceed_gmbH.jpeg 313w, https:\/\/asszert.de\/wp-content\/uploads\/2018\/04\/acceed_gmbH-300x70.jpeg 300w\" sizes=\"(max-width: 300px) 100vw, 300px\" \/><\/a><\/td>\n<td width=\"234\">\n<p>Acceed GmbH<br \/>D-40479 D\u00fcsseldorf<\/p>\n<p><a href=\"http:\/\/www.acceed.de\/index.phtml\">www.acceed.de<\/a><\/p>\n<\/td>\n<\/tr>\n<tr>\n<td width=\"257\">\u00a0<a href=\"http:\/\/asszert.de\/wp-content\/uploads\/2018\/04\/Fabian-Engineering.jpg\"><img loading=\"lazy\" decoding=\"async\" class=\"alignleft wp-image-642\" src=\"http:\/\/asszert.de\/wp-content\/uploads\/2018\/04\/Fabian-Engineering.jpg\" alt=\"\" width=\"300\" height=\"92\" srcset=\"https:\/\/asszert.de\/wp-content\/uploads\/2018\/04\/Fabian-Engineering.jpg 1920w, https:\/\/asszert.de\/wp-content\/uploads\/2018\/04\/Fabian-Engineering-300x92.jpg 300w, https:\/\/asszert.de\/wp-content\/uploads\/2018\/04\/Fabian-Engineering-768x235.jpg 768w, https:\/\/asszert.de\/wp-content\/uploads\/2018\/04\/Fabian-Engineering-1024x313.jpg 1024w\" sizes=\"(max-width: 300px) 100vw, 300px\" \/><\/a><\/td>\n<td width=\"234\">\n<p>Fabian Engineering GmbH<br \/>D-60489 Frankfurt am Main<\/p>\n<p><a href=\"http:\/\/www.fabian-feg.de\">www.fabian-feg.de<\/a><\/p>\n<\/td>\n<\/tr>\n<tr>\n<td width=\"257\">\u00a0<a href=\"http:\/\/asszert.de\/wp-content\/uploads\/2018\/04\/Grundbau-Bieddenbach.jpeg\"><img loading=\"lazy\" decoding=\"async\" class=\"alignleft wp-image-650\" src=\"http:\/\/asszert.de\/wp-content\/uploads\/2018\/04\/Grundbau-Bieddenbach.jpeg\" alt=\"\" width=\"200\" height=\"105\" \/><\/a><\/td>\n<td width=\"234\">\n<p>GRUNDBAUINSTITUT BIEDEBACH<br \/>D-44229 Dortmund<\/p>\n<p><a href=\"http:\/\/www.grundbauinstitut-biedebach.de\">www.grundbauinstitut-biedebach.de<\/a><\/p>\n<\/td>\n<\/tr>\n<tr>\n<td width=\"257\"><a href=\"http:\/\/asszert.de\/wp-content\/uploads\/2018\/04\/ISB-Information.png\"><img loading=\"lazy\" decoding=\"async\" class=\"alignleft wp-image-662\" src=\"http:\/\/asszert.de\/wp-content\/uploads\/2018\/04\/ISB-Information.png\" alt=\"\" width=\"250\" height=\"127\" \/><\/a>\u00a0<\/td>\n<td width=\"234\">\n<p>ISB Information und Kommunikation GmbH &amp; Co. KG<br \/>D-33142 B\u00fcren<\/p>\n<p><a href=\"http:\/\/www.isb-ik.de\/home.aspx\">www.isb-ik.de<\/a><\/p>\n<\/td>\n<\/tr>\n<tr>\n<td width=\"257\"><a href=\"http:\/\/asszert.de\/wp-content\/uploads\/2018\/04\/hpc_logo.png\"><img loading=\"lazy\" decoding=\"async\" class=\"alignleft wp-image-733\" src=\"http:\/\/asszert.de\/wp-content\/uploads\/2018\/04\/hpc_logo.png\" alt=\"\" width=\"300\" height=\"115\" \/><\/a>\u00a0<\/td>\n<td width=\"234\">\n<p>HPC AG<br \/>(Keese und Hahne GmbH)<br \/>D-59495 Soest<\/p>\n<p><a href=\"https:\/\/www.hpc.ag\/de\/\">www.hpc.ag<\/a><\/p>\n<\/td>\n<\/tr>\n<tr>\n<td width=\"257\">\u00a0<a href=\"http:\/\/asszert.de\/wp-content\/uploads\/2018\/04\/LaborHabedank.jpeg\"><img loading=\"lazy\" decoding=\"async\" class=\"alignleft wp-image-676\" src=\"http:\/\/asszert.de\/wp-content\/uploads\/2018\/04\/LaborHabedank.jpeg\" alt=\"\" width=\"150\" height=\"147\" \/><\/a><\/td>\n<td width=\"234\">\n<p>Labor Habedank<br \/>D-12529 Sch\u00f6nefeld<\/p>\n<p><a href=\"http:\/\/www.labor-habedank.de\">www.labor-habedank.de<\/a><\/p>\n<\/td>\n<\/tr>\n<tr>\n<td width=\"257\">\u00a0<a href=\"http:\/\/asszert.de\/wp-content\/uploads\/2018\/04\/Labsis.jpeg\"><img loading=\"lazy\" decoding=\"async\" class=\"alignleft wp-image-677\" src=\"http:\/\/asszert.de\/wp-content\/uploads\/2018\/04\/Labsis.jpeg\" alt=\"\" width=\"300\" height=\"114\" srcset=\"https:\/\/asszert.de\/wp-content\/uploads\/2018\/04\/Labsis.jpeg 486w, https:\/\/asszert.de\/wp-content\/uploads\/2018\/04\/Labsis-300x114.jpeg 300w\" sizes=\"(max-width: 300px) 100vw, 300px\" \/><\/a><\/td>\n<td width=\"234\">\n<p>Labsis Laborsysteme GmbH<br \/>D-53819 Neunkirchen-Seelscheid<\/p>\n<p><a href=\"https:\/\/labsis.de\">www.labsis.de<\/a><\/p>\n<\/td>\n<\/tr>\n<tr>\n<td width=\"257\"><a href=\"http:\/\/asszert.de\/wp-content\/uploads\/2018\/04\/max-aicher-gruppe-1.png\"><img loading=\"lazy\" decoding=\"async\" class=\"alignleft wp-image-679\" src=\"http:\/\/asszert.de\/wp-content\/uploads\/2018\/04\/max-aicher-gruppe-1.png\" alt=\"\" width=\"300\" height=\"89\" \/><\/a>\u00a0<\/td>\n<td width=\"234\">\n<p>Max Aicher Engineering GmbH<br \/>D-83395 Freilassing<\/p>\n<p><a href=\"http:\/\/www.max-aicher.de\/home\">www.max-aicher.de<\/a><\/p>\n<\/td>\n<\/tr>\n<tr>\n<td width=\"257\">\u00a0<a href=\"http:\/\/asszert.de\/wp-content\/uploads\/2018\/04\/plenum-ag.png\"><img loading=\"lazy\" decoding=\"async\" class=\"alignleft wp-image-689\" src=\"http:\/\/asszert.de\/wp-content\/uploads\/2018\/04\/plenum-ag.png\" alt=\"\" width=\"300\" height=\"52\" \/><\/a><\/td>\n<td width=\"234\">\n<p>plenum AG Management Consulting<br \/>D-60549 Frankfurt am Main<\/p>\n<p><a href=\"http:\/\/www.plenum.de\">www.plenum.de<\/a><\/p>\n<\/td>\n<\/tr>\n<tr>\n<td width=\"257\"><a href=\"http:\/\/asszert.de\/wp-content\/uploads\/2018\/04\/Systemhaus-Bissinger.jpeg\"><img loading=\"lazy\" decoding=\"async\" class=\"alignleft wp-image-706\" src=\"http:\/\/asszert.de\/wp-content\/uploads\/2018\/04\/Systemhaus-Bissinger.jpeg\" alt=\"\" width=\"300\" height=\"129\" \/><\/a>\u00a0<\/td>\n<td width=\"234\">\n<p>Systemhaus Bissinger GmbH<br \/>D-89423 Gundelfingen an der Donau<\/p>\n<p><a href=\"http:\/\/www.bissinger.de\">www.bissinger.de<\/a><\/p>\n<\/td>\n<\/tr>\n<\/tbody>\n<\/table>\n<\/div>\n<div id=\"ttfmp-panels-item-title-1524834202959\" class=\"ttfmp-panels-item-title\">\n\tMaschinenbau<\/div>\n<div id=\"ttfmp-panels-item-content-1524834202959\" class=\"ttfmp-panels-item-content\">\n<table width=\"490\">\n<tbody>\n<tr>\n<td width=\"257\"><a href=\"http:\/\/asszert.de\/wp-content\/uploads\/2018\/04\/AKS_Anlagenbau.png\"><img loading=\"lazy\" decoding=\"async\" class=\"alignleft wp-image-615\" src=\"http:\/\/asszert.de\/wp-content\/uploads\/2018\/04\/AKS_Anlagenbau.png\" alt=\"\" width=\"300\" height=\"111\" srcset=\"https:\/\/asszert.de\/wp-content\/uploads\/2018\/04\/AKS_Anlagenbau.png 350w, https:\/\/asszert.de\/wp-content\/uploads\/2018\/04\/AKS_Anlagenbau-300x111.png 300w\" sizes=\"(max-width: 300px) 100vw, 300px\" \/><\/a>\u00a0<\/td>\n<td width=\"234\">\n<p>AKS Anlagen, Konstruktion und Service GmbH<br \/>D-45549 Sprockh\u00f6vel<\/p>\n<p><a href=\"http:\/\/anlagen.aksgmbh.de\">www.anlagen.aksgmbh.de<\/a><\/p>\n<\/td>\n<\/tr>\n<tr>\n<td width=\"257\">\u00a0<a href=\"http:\/\/asszert.de\/wp-content\/uploads\/2018\/04\/ASM-GmbH.jpeg\"><img loading=\"lazy\" decoding=\"async\" class=\"alignleft wp-image-619\" src=\"http:\/\/asszert.de\/wp-content\/uploads\/2018\/04\/ASM-GmbH.jpeg\" alt=\"\" width=\"300\" height=\"80\" srcset=\"https:\/\/asszert.de\/wp-content\/uploads\/2018\/04\/ASM-GmbH.jpeg 444w, https:\/\/asszert.de\/wp-content\/uploads\/2018\/04\/ASM-GmbH-300x80.jpeg 300w\" sizes=\"(max-width: 300px) 100vw, 300px\" \/><\/a><\/td>\n<td width=\"234\">\n<p>ASM GmbH<br \/>D-42857 Remscheid<\/p>\n<p><a href=\"http:\/\/asmgmbh-remscheid.de\/index.html\">www.asmgmbh-remscheid.de<\/a><\/p>\n<\/td>\n<\/tr>\n<tr>\n<td width=\"257\">\u00a0<\/td>\n<td width=\"234\">\n<p>Bongartz Oberfl\u00e4chentechnik GmbH &amp; Co. KG<br \/>D-41336 Schwalmtal<\/p>\n<p><a href=\"http:\/\/bongartz-metall.de\">www.bongartz-metall.de<\/a><\/p>\n<\/td>\n<\/tr>\n<tr>\n<td width=\"257\"><a href=\"http:\/\/asszert.de\/wp-content\/uploads\/2018\/04\/c-a-picard.jpeg\"><img loading=\"lazy\" decoding=\"async\" class=\"alignleft wp-image-626\" src=\"http:\/\/asszert.de\/wp-content\/uploads\/2018\/04\/c-a-picard.jpeg\" alt=\"\" width=\"300\" height=\"82\" srcset=\"https:\/\/asszert.de\/wp-content\/uploads\/2018\/04\/c-a-picard.jpeg 335w, https:\/\/asszert.de\/wp-content\/uploads\/2018\/04\/c-a-picard-300x82.jpeg 300w\" sizes=\"(max-width: 300px) 100vw, 300px\" \/><\/a>\u00a0<\/td>\n<td width=\"234\">\n<p>Carl Aug. Picard GmbH<br \/>D-42857 Remscheid<\/p>\n<p><a href=\"https:\/\/www.capicard.de\/de\/\">www.capicard.de<\/a><\/p>\n<\/td>\n<\/tr>\n<tr>\n<td width=\"257\">\u00a0<a href=\"http:\/\/asszert.de\/wp-content\/uploads\/2018\/04\/doga-steuerungstechnik-sondermaschinen-400x150.jpg\"><img loading=\"lazy\" decoding=\"async\" class=\"alignleft wp-image-632\" src=\"http:\/\/asszert.de\/wp-content\/uploads\/2018\/04\/doga-steuerungstechnik-sondermaschinen-400x150.jpg\" alt=\"\" width=\"300\" height=\"113\" srcset=\"https:\/\/asszert.de\/wp-content\/uploads\/2018\/04\/doga-steuerungstechnik-sondermaschinen-400x150.jpg 400w, https:\/\/asszert.de\/wp-content\/uploads\/2018\/04\/doga-steuerungstechnik-sondermaschinen-400x150-300x113.jpg 300w\" sizes=\"(max-width: 300px) 100vw, 300px\" \/><\/a><\/td>\n<td width=\"234\">\n<p>DOGA Steuerungstechnik GmbH<br \/>D-46240 Bottrop<\/p>\n<p><a href=\"http:\/\/doga-gmbh.com\/de\/\">www.doga-gmbh.com<\/a><\/p>\n<\/td>\n<\/tr>\n<tr>\n<td width=\"257\">\u00a0<a href=\"http:\/\/asszert.de\/wp-content\/uploads\/2018\/04\/emil-niggeloh-gmbh.png\"><img loading=\"lazy\" decoding=\"async\" class=\"alignleft wp-image-637\" src=\"http:\/\/asszert.de\/wp-content\/uploads\/2018\/04\/emil-niggeloh-gmbh.png\" alt=\"\" width=\"150\" height=\"98\" \/><\/a><\/td>\n<td width=\"234\">\n<p>Emil Niggeloh GmbH<br \/>D-58256 Ennepetal<\/p>\n<p><a href=\"https:\/\/www.eni.de\">www.eni.de<\/a><\/p>\n<\/td>\n<\/tr>\n<tr>\n<td width=\"257\"><a href=\"http:\/\/asszert.de\/wp-content\/uploads\/2018\/04\/Foerst-GmbH.png\"><img loading=\"lazy\" decoding=\"async\" class=\"alignleft wp-image-644\" src=\"http:\/\/asszert.de\/wp-content\/uploads\/2018\/04\/Foerst-GmbH.png\" alt=\"\" width=\"300\" height=\"78\" \/><\/a>\u00a0<\/td>\n<td width=\"234\">\n<p>Foerst GmbH<br \/>D-51674 Wiehl<\/p>\n<p><a href=\"http:\/\/www.fahrsimulatoren.eu\/de\/\">www.fahrsimulatoren.eu<\/a><\/p>\n<\/td>\n<\/tr>\n<tr>\n<td width=\"257\">\u00a0<a href=\"http:\/\/asszert.de\/wp-content\/uploads\/2018\/04\/GEVA_Gas-Energieverteilung.png\"><img loading=\"lazy\" decoding=\"async\" class=\"alignleft wp-image-648\" src=\"http:\/\/asszert.de\/wp-content\/uploads\/2018\/04\/GEVA_Gas-Energieverteilung.png\" alt=\"\" width=\"300\" height=\"68\" \/><\/a><\/td>\n<td width=\"234\">\n<p>GEVA Gas- und Energieverteilungsanlagen GmbH<br \/>D-76275 Ettlingen<\/p>\n<p><a href=\"https:\/\/www.gevagmbh.de\">www.gevagmbh.de<\/a><\/p>\n<\/td>\n<\/tr>\n<tr>\n<td width=\"257\"><a href=\"http:\/\/asszert.de\/wp-content\/uploads\/2018\/04\/hansamixer.jpeg\"><img loading=\"lazy\" decoding=\"async\" class=\"alignleft wp-image-654\" src=\"http:\/\/asszert.de\/wp-content\/uploads\/2018\/04\/hansamixer.jpeg\" alt=\"\" width=\"300\" height=\"67\" srcset=\"https:\/\/asszert.de\/wp-content\/uploads\/2018\/04\/hansamixer.jpeg 301w, https:\/\/asszert.de\/wp-content\/uploads\/2018\/04\/hansamixer-300x67.jpeg 300w\" sizes=\"(max-width: 300px) 100vw, 300px\" \/><\/a>\u00a0<\/td>\n<td width=\"234\">\n<p>HANSA INDUSTRIE-MIXER GMBH &amp; CO.KG<br \/>D-28816 Stuhr-Heiligenrode<\/p>\n<p><a href=\"http:\/\/hansamixer.de\">www.hansamixer.de<\/a><\/p>\n<\/td>\n<\/tr>\n<tr>\n<td width=\"257\">\u00a0<a href=\"http:\/\/asszert.de\/wp-content\/uploads\/2018\/04\/Jordan-Stahltechnik.jpeg\"><img loading=\"lazy\" decoding=\"async\" class=\"alignleft wp-image-663\" src=\"http:\/\/asszert.de\/wp-content\/uploads\/2018\/04\/Jordan-Stahltechnik.jpeg\" alt=\"\" width=\"300\" height=\"57\" srcset=\"https:\/\/asszert.de\/wp-content\/uploads\/2018\/04\/Jordan-Stahltechnik.jpeg 329w, https:\/\/asszert.de\/wp-content\/uploads\/2018\/04\/Jordan-Stahltechnik-300x57.jpeg 300w\" sizes=\"(max-width: 300px) 100vw, 300px\" \/><\/a><\/td>\n<td width=\"234\">\n<p>JORDAN Stahltechnik GmbH &amp; Co.KG<br \/>D-58300 Wetter<\/p>\n<p><a href=\"http:\/\/www.jordan-stahltechnik.de\">www.jordan-stahltechnik.de<\/a><\/p>\n<\/td>\n<\/tr>\n<tr>\n<td width=\"257\">\u00a0<a href=\"http:\/\/asszert.de\/wp-content\/uploads\/2018\/04\/metec.png\"><img loading=\"lazy\" decoding=\"async\" class=\"alignleft wp-image-682\" src=\"http:\/\/asszert.de\/wp-content\/uploads\/2018\/04\/metec.png\" alt=\"\" width=\"300\" height=\"69\" srcset=\"https:\/\/asszert.de\/wp-content\/uploads\/2018\/04\/metec.png 994w, https:\/\/asszert.de\/wp-content\/uploads\/2018\/04\/metec-300x69.png 300w, https:\/\/asszert.de\/wp-content\/uploads\/2018\/04\/metec-768x175.png 768w\" sizes=\"(max-width: 300px) 100vw, 300px\" \/><\/a><\/td>\n<td width=\"234\">\n<p>Metec Industriemontagen &amp; mechanische Fertigung GmbH<br \/>D-28876 Oyten<\/p>\n<p><a href=\"http:\/\/www.metec-cnc.de\">www.metec-cnc.de<\/a><\/p>\n<\/td>\n<\/tr>\n<tr>\n<td width=\"257\"><a href=\"http:\/\/asszert.de\/wp-content\/uploads\/2018\/04\/MHC-Gruppe-e1524834702885.png\"><img loading=\"lazy\" decoding=\"async\" class=\"alignleft wp-image-683\" src=\"http:\/\/asszert.de\/wp-content\/uploads\/2018\/04\/MHC-Gruppe-e1524834702885.png\" alt=\"\" width=\"150\" height=\"140\" \/><\/a>\u00a0<\/td>\n<td width=\"234\">\n<p>MHC Anlagentechnik GmbH<br \/>D-76276 Germersheim<\/p>\n<p><a href=\"http:\/\/www.mhc-anlagentechnik.de\">www.mhc-anlagentechnik.de<\/a><\/p>\n<\/td>\n<\/tr>\n<tr>\n<td width=\"257\">\u00a0<a href=\"http:\/\/asszert.de\/wp-content\/uploads\/2018\/04\/Mundinger-Engineering.png\"><img loading=\"lazy\" decoding=\"async\" class=\"alignleft wp-image-685\" src=\"http:\/\/asszert.de\/wp-content\/uploads\/2018\/04\/Mundinger-Engineering.png\" alt=\"\" width=\"300\" height=\"84\" \/><\/a><\/td>\n<td width=\"234\">\n<p>Mundinger Engineering GmbH<br \/>D-36199 Rotenburg (Fulda)<\/p>\n<p><a href=\"http:\/\/mundinger.de\">www.mundinger.de<\/a><\/p>\n<\/td>\n<\/tr>\n<tr>\n<td width=\"257\"><a href=\"http:\/\/asszert.de\/wp-content\/uploads\/2018\/04\/MVBA.gif\"><img loading=\"lazy\" decoding=\"async\" class=\"alignleft wp-image-686\" src=\"http:\/\/asszert.de\/wp-content\/uploads\/2018\/04\/MVBA.gif\" alt=\"\" width=\"300\" height=\"127\" \/><\/a>\u00a0<\/td>\n<td width=\"234\">\n<p>MVBA GmbH<br \/>D-59269 Beckum<\/p>\n<p><a href=\"http:\/\/mvba.de\">www.mvba.de<\/a><\/p>\n<\/td>\n<\/tr>\n<\/tbody>\n<\/table>\n<\/div>\n<div id=\"ttfmp-panels-item-title-1524834958587\" class=\"ttfmp-panels-item-title\">\n\tVerarbeitende Industrie<\/div>\n<div id=\"ttfmp-panels-item-content-1524834958587\" class=\"ttfmp-panels-item-content\">\n<table width=\"490\">\n<tbody>\n<tr>\n<td width=\"257\">\u00a0<a href=\"http:\/\/asszert.de\/wp-content\/uploads\/2018\/04\/Albert-GmbH.gif\"><img loading=\"lazy\" decoding=\"async\" class=\"alignleft wp-image-616\" src=\"http:\/\/asszert.de\/wp-content\/uploads\/2018\/04\/Albert-GmbH.gif\" alt=\"\" width=\"150\" height=\"93\" \/><\/a><\/td>\n<td width=\"234\">\n<p>Albert GmbH &amp; Co. KG<br \/>D-32257 B\u00fcnde<\/p>\n<p><a href=\"http:\/\/www.albert-buende.de\">www.albert-buende.de<\/a><\/p>\n<\/td>\n<\/tr>\n<tr>\n<td width=\"257\">\u00a0<a href=\"http:\/\/asszert.de\/wp-content\/uploads\/2018\/04\/baecker-schneider-gmbh.png\"><img loading=\"lazy\" decoding=\"async\" class=\"alignleft wp-image-622\" src=\"http:\/\/asszert.de\/wp-content\/uploads\/2018\/04\/baecker-schneider-gmbh.png\" alt=\"\" width=\"92\" height=\"130\" \/><\/a><\/td>\n<td width=\"234\">\n<p>B\u00e4ckerei Schneider GmbH<br \/>D-50189 Elsdorf<\/p>\n<p><a href=\"http:\/\/www.baecker-schneider.de\">www.baecker-schneider.de<\/a><\/p>\n<\/td>\n<\/tr>\n<tr>\n<td width=\"257\">\u00a0<a href=\"http:\/\/asszert.de\/wp-content\/uploads\/2018\/04\/Bollig-Kemper.png\"><img loading=\"lazy\" decoding=\"async\" class=\"alignleft wp-image-623\" src=\"http:\/\/asszert.de\/wp-content\/uploads\/2018\/04\/Bollig-Kemper.png\" alt=\"\" width=\"208\" height=\"150\" srcset=\"https:\/\/asszert.de\/wp-content\/uploads\/2018\/04\/Bollig-Kemper.png 408w, https:\/\/asszert.de\/wp-content\/uploads\/2018\/04\/Bollig-Kemper-300x216.png 300w\" sizes=\"(max-width: 208px) 100vw, 208px\" \/><\/a><\/td>\n<td width=\"234\">\n<p>Bollig &amp; Kemper GmbH &amp; Co KG<br \/>D-50827 K\u00f6ln<\/p>\n<p><a href=\"http:\/\/www.bolligundkemper.de\">www.bolligundkemper.de<\/a><\/p>\n<\/td>\n<\/tr>\n<tr>\n<td width=\"257\">\u00a0<a href=\"http:\/\/asszert.de\/wp-content\/uploads\/2018\/04\/BrangsHeinrich.jpeg\"><img loading=\"lazy\" decoding=\"async\" class=\"alignleft wp-image-625\" src=\"http:\/\/asszert.de\/wp-content\/uploads\/2018\/04\/BrangsHeinrich.jpeg\" alt=\"\" width=\"292\" height=\"150\" \/><\/a><\/td>\n<td width=\"234\">\n<p>Brangs + Heinrich GmbH<br \/>D-42651 Solingen<\/p>\n<p><a href=\"http:\/\/www.brangs-heinrich.de\">www.brangs-heinrich.de<\/a><\/p>\n<\/td>\n<\/tr>\n<tr>\n<td width=\"257\"><a href=\"http:\/\/asszert.de\/wp-content\/uploads\/2018\/04\/Carbonit-Filtertechnik-GmbH.png\"><img loading=\"lazy\" decoding=\"async\" class=\"alignleft wp-image-627\" src=\"http:\/\/asszert.de\/wp-content\/uploads\/2018\/04\/Carbonit-Filtertechnik-GmbH.png\" alt=\"\" width=\"300\" height=\"52\" \/><\/a>\u00a0<\/td>\n<td width=\"234\">\n<p>Carbonit Filtertechnik GmbH<br \/>D-29410 Salzwedel<\/p>\n<p><a href=\"http:\/\/www.carbonit.com\">www.carbonit.com<\/a><\/p>\n<\/td>\n<\/tr>\n<tr>\n<td width=\"257\">\u00a0<a href=\"http:\/\/asszert.de\/wp-content\/uploads\/2018\/04\/emsland-group.png\"><img loading=\"lazy\" decoding=\"async\" class=\"alignleft wp-image-638\" src=\"http:\/\/asszert.de\/wp-content\/uploads\/2018\/04\/emsland-group.png\" alt=\"\" width=\"300\" height=\"55\" srcset=\"https:\/\/asszert.de\/wp-content\/uploads\/2018\/04\/emsland-group.png 500w, https:\/\/asszert.de\/wp-content\/uploads\/2018\/04\/emsland-group-300x55.png 300w\" sizes=\"(max-width: 300px) 100vw, 300px\" \/><\/a><\/td>\n<td width=\"234\">\n<p>EMSLAND-ST\u00c4RKE GMBH<br \/>D-49824 Emlichheim<\/p>\n<p><a href=\"http:\/\/www.emsland-group.de\/unternehmen\/firmenprofile\/emsland-staerke\">www.emsland-group.de<\/a><\/p>\n<\/td>\n<\/tr>\n<tr>\n<td width=\"257\">\u00a0<a href=\"http:\/\/asszert.de\/wp-content\/uploads\/2018\/04\/ERO-Edelstahl-Rohrtechnik-GmbH.png\"><img loading=\"lazy\" decoding=\"async\" class=\"alignleft wp-image-641\" src=\"http:\/\/asszert.de\/wp-content\/uploads\/2018\/04\/ERO-Edelstahl-Rohrtechnik-GmbH.png\" alt=\"\" width=\"150\" height=\"48\" \/><\/a><\/td>\n<td width=\"234\">\n<p>ERO Edelstahl-Rohrtechnik GmbH<br \/>D-29410 Salzwedel<\/p>\n<p><a href=\"http:\/\/ero-edelstahltechnik.de\">www.ero-edelstahltechnik.de<\/a><\/p>\n<\/td>\n<\/tr>\n<tr>\n<td width=\"257\">\u00a0<a href=\"http:\/\/asszert.de\/wp-content\/uploads\/2018\/04\/FIBA-Kunststpfftechnik.png\"><img loading=\"lazy\" decoding=\"async\" class=\"alignleft wp-image-643\" src=\"http:\/\/asszert.de\/wp-content\/uploads\/2018\/04\/FIBA-Kunststpfftechnik.png\" alt=\"\" width=\"200\" height=\"105\" \/><\/a><\/td>\n<td width=\"234\">\n<p>Fiba Kunststofftechnik GmbH<br \/>D-49685 Schneiderkrug<\/p>\n<p><a href=\"http:\/\/www.fiba-kunststoffe.de\/startseite.php\">www.fiba-kunststoffe.de<\/a><\/p>\n<\/td>\n<\/tr>\n<tr>\n<td width=\"257\"><a href=\"http:\/\/asszert.de\/wp-content\/uploads\/2018\/04\/Gebr-Becker-GmbH.jpeg\"><img loading=\"lazy\" decoding=\"async\" class=\"alignleft wp-image-646\" src=\"http:\/\/asszert.de\/wp-content\/uploads\/2018\/04\/Gebr-Becker-GmbH.jpeg\" alt=\"\" width=\"300\" height=\"82\" srcset=\"https:\/\/asszert.de\/wp-content\/uploads\/2018\/04\/Gebr-Becker-GmbH.jpeg 306w, https:\/\/asszert.de\/wp-content\/uploads\/2018\/04\/Gebr-Becker-GmbH-300x82.jpeg 300w\" sizes=\"(max-width: 300px) 100vw, 300px\" \/><\/a>\u00a0<\/td>\n<td width=\"234\">\n<p>Gebr. Becker GmbH Oberfl\u00e4chentechnik<br \/>D-58636 Iserlohn<\/p>\n<p><a href=\"http:\/\/gebr-becker.de\">www.gebr-becker.de<\/a><\/p>\n<\/td>\n<\/tr>\n<tr>\n<td width=\"257\"><a href=\"http:\/\/asszert.de\/wp-content\/uploads\/2018\/04\/hadocut.png\"><img loading=\"lazy\" decoding=\"async\" class=\"alignleft wp-image-653\" src=\"http:\/\/asszert.de\/wp-content\/uploads\/2018\/04\/hadocut.png\" alt=\"\" width=\"300\" height=\"79\" \/><\/a>\u00a0<\/td>\n<td width=\"234\">\n<p>Hadocut GmbH<br \/>D-47559 Kranenburg<\/p>\n<p><a href=\"http:\/\/www.hadocut.de\">www.hadocut.de<\/a><\/p>\n<\/td>\n<\/tr>\n<tr>\n<td width=\"257\"><a href=\"http:\/\/asszert.de\/wp-content\/uploads\/2018\/04\/Hartchrom-Beutel.jpeg\"><img loading=\"lazy\" decoding=\"async\" class=\"alignleft wp-image-655\" src=\"http:\/\/asszert.de\/wp-content\/uploads\/2018\/04\/Hartchrom-Beutel.jpeg\" alt=\"\" width=\"300\" height=\"130\" srcset=\"https:\/\/asszert.de\/wp-content\/uploads\/2018\/04\/Hartchrom-Beutel.jpeg 320w, https:\/\/asszert.de\/wp-content\/uploads\/2018\/04\/Hartchrom-Beutel-300x130.jpeg 300w\" sizes=\"(max-width: 300px) 100vw, 300px\" \/><\/a>\u00a0<\/td>\n<td width=\"234\">\n<p>Hartchrom Beuthel GmbH<br \/>D-58332 Schwelm \/ Westfalen<\/p>\n<p><a href=\"http:\/\/www.hartchrom-beuthel.de\">www.hartchrom-beuthel.de<\/a><\/p>\n<\/td>\n<\/tr>\n<tr>\n<td width=\"257\">\u00a0<a href=\"http:\/\/asszert.de\/wp-content\/uploads\/2018\/04\/Heinrich-Schulte.png\"><img loading=\"lazy\" decoding=\"async\" class=\"alignleft wp-image-657\" src=\"http:\/\/asszert.de\/wp-content\/uploads\/2018\/04\/Heinrich-Schulte.png\" alt=\"\" width=\"150\" height=\"105\" \/><\/a><\/td>\n<td width=\"234\">\n<p>Heinrich Schulte GmbH &amp; CO. KG<br \/>D-58640 Iserlohn<\/p>\n<p><a href=\"http:\/\/www.heinrichschulte.com\">www.heinrichschulte.com<\/a><\/p>\n<\/td>\n<\/tr>\n<tr>\n<td width=\"257\">\u00a0<a href=\"http:\/\/asszert.de\/wp-content\/uploads\/2018\/04\/KT-Aludruckguss.png\"><img loading=\"lazy\" decoding=\"async\" class=\"alignleft wp-image-665\" src=\"http:\/\/asszert.de\/wp-content\/uploads\/2018\/04\/KT-Aludruckguss.png\" alt=\"\" width=\"236\" height=\"150\" \/><\/a><\/td>\n<td width=\"234\">\n<p>K+T Aludruckguss GmbH<br \/>D-57413 Finnentrop-Lenhausen<\/p>\n<p><a href=\"http:\/\/kt-aludruckguss.de\">www.kt-aludruckguss.de<\/a><\/p>\n<\/td>\n<\/tr>\n<tr>\n<td width=\"257\">\u00a0<a href=\"http:\/\/asszert.de\/wp-content\/uploads\/2018\/04\/Kunststoffverarbeitung-Frohn-GmbH.png\"><img loading=\"lazy\" decoding=\"async\" class=\"alignleft wp-image-675\" src=\"http:\/\/asszert.de\/wp-content\/uploads\/2018\/04\/Kunststoffverarbeitung-Frohn-GmbH.png\" alt=\"\" width=\"300\" height=\"58\" \/><\/a><\/td>\n<td width=\"234\">\n<p>Kunststoffverarbeitung Frohn GmbH<br \/>D-53859 Niederkassel<\/p>\n<p><a href=\"http:\/\/www.frohn-kunststoff.de\">www.frohn-kunststoff.de<\/a><\/p>\n<\/td>\n<\/tr>\n<tr>\n<td width=\"257\"><a href=\"http:\/\/asszert.de\/wp-content\/uploads\/2018\/04\/LEON-GmbH.jpeg\"><img loading=\"lazy\" decoding=\"async\" class=\"alignleft wp-image-678\" src=\"http:\/\/asszert.de\/wp-content\/uploads\/2018\/04\/LEON-GmbH.jpeg\" alt=\"\" width=\"300\" height=\"65\" srcset=\"https:\/\/asszert.de\/wp-content\/uploads\/2018\/04\/LEON-GmbH.jpeg 465w, https:\/\/asszert.de\/wp-content\/uploads\/2018\/04\/LEON-GmbH-300x65.jpeg 300w\" sizes=\"(max-width: 300px) 100vw, 300px\" \/><\/a>\u00a0<\/td>\n<td width=\"234\">\n<p>Leon GmbH Modell- und Werkzeugbau <br \/>D-58300 Wetter<\/p>\n<p><a href=\"http:\/\/www.leon-modellbau.de\">www.leon-modellbau.de<\/a><\/p>\n<\/td>\n<\/tr>\n<tr>\n<td width=\"257\">\u00a0<a href=\"http:\/\/asszert.de\/wp-content\/uploads\/2018\/04\/MaxMoritzFeinkost.gif\"><img loading=\"lazy\" decoding=\"async\" class=\"alignleft wp-image-680\" src=\"http:\/\/asszert.de\/wp-content\/uploads\/2018\/04\/MaxMoritzFeinkost.gif\" alt=\"\" width=\"200\" height=\"114\" \/><\/a><\/td>\n<td width=\"234\">\n<p>Max &amp; Moritz Feinkost GmbH<br \/>D-59495 Soest<\/p>\n<p><a href=\"https:\/\/www.maxmoritzfeinkost.de\">www.maxmoritzfeinkost.de<\/a><\/p>\n<\/td>\n<\/tr>\n<tr>\n<td width=\"257\"><a href=\"http:\/\/asszert.de\/wp-content\/uploads\/2018\/04\/Puteus.png\"><img loading=\"lazy\" decoding=\"async\" class=\"alignleft wp-image-696\" src=\"http:\/\/asszert.de\/wp-content\/uploads\/2018\/04\/Puteus.png\" alt=\"\" width=\"300\" height=\"84\" \/><\/a>\u00a0<\/td>\n<td width=\"234\">\n<p>puteus GmbH<br \/>D-47918 T\u00f6nisvorst<\/p>\n<p><a href=\"http:\/\/www.puteus.de\">www.puteus.de<\/a><\/p>\n<\/td>\n<\/tr>\n<tr>\n<td width=\"257\">\u00a0<a href=\"http:\/\/asszert.de\/wp-content\/uploads\/2018\/04\/Saint-Gobain.jpeg\"><img loading=\"lazy\" decoding=\"async\" class=\"alignleft wp-image-701\" src=\"http:\/\/asszert.de\/wp-content\/uploads\/2018\/04\/Saint-Gobain.jpeg\" alt=\"\" width=\"300\" height=\"90\" srcset=\"https:\/\/asszert.de\/wp-content\/uploads\/2018\/04\/Saint-Gobain.jpeg 274w, https:\/\/asszert.de\/wp-content\/uploads\/2018\/04\/Saint-Gobain-272x82.jpeg 272w\" sizes=\"(max-width: 300px) 100vw, 300px\" \/><\/a><\/td>\n<td width=\"234\">\n<p>Saint-Gobain Isover G+H AG<br \/>D-67059 Ludwigshafen<\/p>\n<p><a href=\"https:\/\/www.saint-gobain.de\/hersteller\/saint-gobain-isover-gh-ag-89\">www.saint-gobain.de<\/a><\/p>\n<\/td>\n<\/tr>\n<tr>\n<td width=\"257\">\u00a0<\/td>\n<td width=\"234\">\n<p>Schl\u00f6sser Armaturen GmbH &amp; CO.KG<br \/>D-57462 Olpe<\/p>\n<p><a href=\"http:\/\/www.schloesser-armaturen.de\">www.schloesser-armaturen.de<\/a><\/p>\n<\/td>\n<\/tr>\n<tr>\n<td width=\"257\">\u00a0<a href=\"http:\/\/asszert.de\/wp-content\/uploads\/2018\/04\/spilker-GmbH.jpg\"><img loading=\"lazy\" decoding=\"async\" class=\"alignleft wp-image-704\" src=\"http:\/\/asszert.de\/wp-content\/uploads\/2018\/04\/spilker-GmbH.jpg\" alt=\"\" width=\"300\" height=\"78\" srcset=\"https:\/\/asszert.de\/wp-content\/uploads\/2018\/04\/spilker-GmbH.jpg 1623w, https:\/\/asszert.de\/wp-content\/uploads\/2018\/04\/spilker-GmbH-300x78.jpg 300w, https:\/\/asszert.de\/wp-content\/uploads\/2018\/04\/spilker-GmbH-768x200.jpg 768w, https:\/\/asszert.de\/wp-content\/uploads\/2018\/04\/spilker-GmbH-1024x267.jpg 1024w\" sizes=\"(max-width: 300px) 100vw, 300px\" \/><\/a><\/td>\n<td width=\"234\">\n<p>Spilker GmbH<br \/>D-33775 Versmold<\/p>\n<p><a href=\"http:\/\/www.spilkergmbh.de\">www.spilkergmbh.de<\/a><\/p>\n<\/td>\n<\/tr>\n<tr>\n<td width=\"257\">\u00a0<a href=\"http:\/\/asszert.de\/wp-content\/uploads\/2018\/04\/Standard-Fleisch-GmbH-Schlachthof-Oldenburg.gif\"><img loading=\"lazy\" decoding=\"async\" class=\"alignleft wp-image-705\" src=\"http:\/\/asszert.de\/wp-content\/uploads\/2018\/04\/Standard-Fleisch-GmbH-Schlachthof-Oldenburg.gif\" alt=\"\" width=\"300\" height=\"113\" \/><\/a><\/td>\n<td width=\"234\">\n<p>Standard-Fleisch GmbH &amp; Co. KG EG-Schlacht- u. Zerlegebetrieb<br \/>D-26135 Oldenburg<\/p>\n<p><a href=\"http:\/\/www.stafl.de\">www.stafl.de<\/a><\/p>\n<\/td>\n<\/tr>\n<tr>\n<td width=\"257\"><a href=\"http:\/\/asszert.de\/wp-content\/uploads\/2018\/04\/Westaflexwerk-GmbH.jpeg\"><img loading=\"lazy\" decoding=\"async\" class=\"alignleft wp-image-713\" src=\"http:\/\/asszert.de\/wp-content\/uploads\/2018\/04\/Westaflexwerk-GmbH.jpeg\" alt=\"\" width=\"300\" height=\"85\" \/><\/a>\u00a0<\/td>\n<td width=\"234\">\n<p>Westaflexwerk GmbH<br \/>D-33334 G\u00fctersloh<\/p>\n<p><a href=\"https:\/\/www.westaflex.com\">www.westaflex.com<\/a><\/p>\n<\/td>\n<\/tr>\n<tr>\n<td width=\"257\">\u00a0<\/td>\n<td width=\"234\">\n<p>Westf\u00e4lische Lebensmittelwerke Lindemann GmbH &amp; Co. KG<br \/>D-32257 B\u00fcnde<\/p>\n<p><a href=\"http:\/\/lindemann.info\">www.lindemann.info<\/a><\/p>\n<\/td>\n<\/tr>\n<\/tbody>\n<\/table>\n<\/div><\/div>\n<\/p><\/div>\n<\/section>\n","protected":false},"excerpt":{"rendered":"<p>Wir sind in vielen Bereichen t\u00e4tig. Einige unserer Kunden, die uns ihr Vertrauen geschenkt haben, sind: Energie \u00a0 EnBW Kernkraft GmbH D-74847 Obrigheim www.enbw.com \u00a0 PreussenElektra GmbH D-30457 Hannover www.preussenelektra.de \u00a0 Uniper Technologies GmbH D-40479 D\u00fcsseldorf www.uniper.energy Dienstleistung \u00a0 Aeroconcept Ingenieurgesellschaft f\u00fcr Luftfahrttechnik und Faserverbundtechnologie mbHD-52146 W\u00fcrselen www.aeroconcept.de \u00a0 Christel van der Wielen Dienstleistungen GmbHD-47228 &hellip;<\/p>\n","protected":false},"author":2,"featured_media":0,"parent":0,"menu_order":0,"comment_status":"closed","ping_status":"closed","template":"template-builder.php","meta":{"footnotes":""},"class_list":["post-548","page","type-page","status-publish","hentry"],"_links":{"self":[{"href":"https:\/\/asszert.de\/index.php?rest_route=\/wp\/v2\/pages\/548"}],"collection":[{"href":"https:\/\/asszert.de\/index.php?rest_route=\/wp\/v2\/pages"}],"about":[{"href":"https:\/\/asszert.de\/index.php?rest_route=\/wp\/v2\/types\/page"}],"author":[{"embeddable":true,"href":"https:\/\/asszert.de\/index.php?rest_route=\/wp\/v2\/users\/2"}],"replies":[{"embeddable":true,"href":"https:\/\/asszert.de\/index.php?rest_route=%2Fwp%2Fv2%2Fcomments&post=548"}],"version-history":[{"count":92,"href":"https:\/\/asszert.de\/index.php?rest_route=\/wp\/v2\/pages\/548\/revisions"}],"predecessor-version":[{"id":840,"href":"https:\/\/asszert.de\/index.php?rest_route=\/wp\/v2\/pages\/548\/revisions\/840"}],"wp:attachment":[{"href":"https:\/\/asszert.de\/index.php?rest_route=%2Fwp%2Fv2%2Fmedia&parent=548"}],"curies":[{"name":"wp","href":"https:\/\/api.w.org\/{rel}","templated":true}]}}